{"id":125,"date":"2015-10-23T07:47:25","date_gmt":"2015-10-23T07:47:25","guid":{"rendered":"http:\/\/demo.thimpress.com\/eduma\/?page_id=125"},"modified":"2024-11-27T12:18:11","modified_gmt":"2024-11-27T12:18:11","slug":"blog","status":"publish","type":"page","link":"https:\/\/apan.pt\/mediasmart\/blog\/","title":{"rendered":"Blog"},"content":{"rendered":"<section class=\"l-section wpb_row height_medium\"><div class=\"l-section-h i-cf\"><div class=\"g-cols vc_row via_flex valign_top type_default stacking_default\"><div class=\"vc_col-sm-12 wpb_column vc_column_container\"><div class=\"vc_column-inner\"><div class=\"wpb_wrapper\"><div class=\"w-grid type_grid layout_blog_6 cols_3 with_pagination ratio_4x3\" id=\"us_grid_1\" data-filterable=\"true\"><style>#us_grid_1 .w-grid-item{padding:1.5rem}#us_grid_1 .w-grid-list{margin:-1.5rem -1.5rem 1.5rem}.w-grid + #us_grid_1 .w-grid-list,.w-grid-none + #us_grid_1 .w-grid-list{margin-top:1.5rem}@media (max-width:899px){#us_grid_1 .w-grid-item{width:50%}#us_grid_1 .w-grid-item.size_2x1,#us_grid_1 .w-grid-item.size_2x2{width:100%}}@media (max-width:599px){#us_grid_1 .w-grid-list{margin:0}#us_grid_1 .w-grid-item{width:100%;padding:0;margin-bottom:1.5rem}}.layout_blog_6 .w-grid-item-h:before{padding-bottom:75%}@media (min-width:600px){.layout_blog_6 .w-grid-item.size_1x2 .w-grid-item-h:before{padding-bottom:calc(150% + 1.5rem + 1.5rem)}.layout_blog_6 .w-grid-item.size_2x1 .w-grid-item-h:before{padding-bottom:calc(37.5% - 1.5rem * 0.75)}.layout_blog_6 .w-grid-item.size_2x2 .w-grid-item-h:before{padding-bottom:calc(75% - 1.5rem * -0.5)}}.layout_blog_6 .w-grid-item-h{}.layout_blog_6 .usg_post_image_1{transition-duration:0.3s;transform-origin:50% 50%;transform:scale(1) translate(0%,0%)}.layout_blog_6 .w-grid-item-h:hover .usg_post_image_1{transform:scale(1.1) translate(0%,0%);opacity:1}.layout_blog_6 .usg_post_image_1{position:absolute!important;top:0!important;right:0!important;bottom:0!important;left:0!important}.layout_blog_6 .usg_post_title_1{font-size:1.4rem!important;color:inherit!important}.layout_blog_6 .usg_post_taxonomy_1{font-size:14px!important;font-weight:700!important;text-transform:uppercase!important;margin-right:0.6rem!important}.layout_blog_6 .usg_post_date_1{font-size:14px!important;color:var(--color-content-faded)!important}.layout_blog_6 .usg_vwrapper_1{color:var(--color-content-heading)!important;position:absolute!important;left:0!important;right:2rem!important;bottom:0!important;padding-top:0.8rem!important;padding-right:2rem!important;background:var(--color-content-bg)!important}.layout_blog_6 .usg_hwrapper_1{margin-bottom:0.3rem!important}@media (max-width:600px){.layout_blog_6 .usg_post_title_1{font-size:1.2rem!important}}<\/style><div class=\"w-grid-list\">\t<article class=\"w-grid-item size_1x1 post-7374 post type-post status-publish format-standard has-post-thumbnail hentry category-noticias-e-curiosidades\" data-id=\"7374\">\r\n\t\t<div class=\"w-grid-item-h\">\r\n\t\t\t\t\t\t<div class=\"w-post-elm post_image usg_post_image_1 stretched\"><a href=\"https:\/\/apan.pt\/mediasmart\/apan-lanca-projeto-piloto-superpowers-portugal\/\" aria-label=\"APAN lan\u00e7a projeto piloto \u201cSuperpowers Portugal\u201d\"><img width=\"1024\" height=\"768\" src=\"https:\/\/apan.pt\/mediasmart\/wp-content\/uploads\/2024\/11\/Foto-1-Superpowers-Portugal-APAN-2024-1024x768.jpg\" class=\"attachment-large size-large wp-post-image\" alt=\"\" decoding=\"async\" loading=\"lazy\" srcset=\"https:\/\/apan.pt\/mediasmart\/wp-content\/uploads\/2024\/11\/Foto-1-Superpowers-Portugal-APAN-2024-1024x768.jpg 1024w, https:\/\/apan.pt\/mediasmart\/wp-content\/uploads\/2024\/11\/Foto-1-Superpowers-Portugal-APAN-2024-300x225.jpg 300w, https:\/\/apan.pt\/mediasmart\/wp-content\/uploads\/2024\/11\/Foto-1-Superpowers-Portugal-APAN-2024-600x450.jpg 600w, https:\/\/apan.pt\/mediasmart\/wp-content\/uploads\/2024\/11\/Foto-1-Superpowers-Portugal-APAN-2024-768x576.jpg 768w\" sizes=\"(max-width: 1024px) 100vw, 1024px\" \/><\/a><\/div><div class=\"w-vwrapper usg_vwrapper_1 has_text_color align_none valign_top\"><div class=\"w-hwrapper usg_hwrapper_1 align_none valign_top\"><div class=\"w-post-elm post_taxonomy usg_post_taxonomy_1 style_simple\"><a class=\"term-1 term-noticias-e-curiosidades\" href=\"https:\/\/apan.pt\/mediasmart\/category\/noticias-e-curiosidades\/\">Not\u00edcias e Curiosidades<\/a><\/div><time class=\"w-post-elm post_date usg_post_date_1 has_text_color entry-date published\" datetime=\"2024-11-27T11:24:37+00:00\" title=\"27 Novembro 2024 \u00e0s 11:24:37 +00:00\">H\u00e1 1 ano<\/time><\/div><h2 class=\"w-post-elm post_title usg_post_title_1 has_text_color entry-title color_link_inherit\"><a href=\"https:\/\/apan.pt\/mediasmart\/apan-lanca-projeto-piloto-superpowers-portugal\/\">APAN lan\u00e7a projeto piloto \u201cSuperpowers Portugal\u201d<\/a><\/h2><\/div>\t\t<\/div>\r\n\t<\/article>\r\n\t<article class=\"w-grid-item post-7272 post type-post status-publish format-standard has-post-thumbnail hentry category-noticias-e-curiosidades\" data-id=\"7272\">\r\n\t\t<div class=\"w-grid-item-h\">\r\n\t\t\t\t\t\t<div class=\"w-post-elm post_image usg_post_image_1 stretched\"><a href=\"https:\/\/apan.pt\/mediasmart\/devo-proibir-os-meus-filhos-de-usar-telemovel\/\" aria-label=\"Devo proibir os meus filhos de usar telem\u00f3vel?\"><img width=\"800\" height=\"502\" src=\"https:\/\/apan.pt\/mediasmart\/wp-content\/uploads\/2019\/03\/rapaz-telemovel-facebook-mexer-1.jpg\" class=\"attachment-large size-large wp-post-image\" alt=\"\" decoding=\"async\" loading=\"lazy\" srcset=\"https:\/\/apan.pt\/mediasmart\/wp-content\/uploads\/2019\/03\/rapaz-telemovel-facebook-mexer-1.jpg 800w, https:\/\/apan.pt\/mediasmart\/wp-content\/uploads\/2019\/03\/rapaz-telemovel-facebook-mexer-1-300x188.jpg 300w, https:\/\/apan.pt\/mediasmart\/wp-content\/uploads\/2019\/03\/rapaz-telemovel-facebook-mexer-1-600x377.jpg 600w, https:\/\/apan.pt\/mediasmart\/wp-content\/uploads\/2019\/03\/rapaz-telemovel-facebook-mexer-1-768x482.jpg 768w\" sizes=\"(max-width: 800px) 100vw, 800px\" \/><\/a><\/div><div class=\"w-vwrapper usg_vwrapper_1 has_text_color align_none valign_top\"><div class=\"w-hwrapper usg_hwrapper_1 align_none valign_top\"><div class=\"w-post-elm post_taxonomy usg_post_taxonomy_1 style_simple\"><a class=\"term-1 term-noticias-e-curiosidades\" href=\"https:\/\/apan.pt\/mediasmart\/category\/noticias-e-curiosidades\/\">Not\u00edcias e Curiosidades<\/a><\/div><time class=\"w-post-elm post_date usg_post_date_1 has_text_color entry-date published\" datetime=\"2019-03-12T16:56:19+00:00\" title=\"12 Mar\u00e7o 2019 \u00e0s 16:56:19 +00:00\">H\u00e1 7 anos<\/time><\/div><h2 class=\"w-post-elm post_title usg_post_title_1 has_text_color entry-title color_link_inherit\"><a href=\"https:\/\/apan.pt\/mediasmart\/devo-proibir-os-meus-filhos-de-usar-telemovel\/\">Devo proibir os meus filhos de usar telem\u00f3vel?<\/a><\/h2><\/div>\t\t<\/div>\r\n\t<\/article>\r\n\t<article class=\"w-grid-item post-7244 post type-post status-publish format-image has-post-thumbnail hentry category-noticias-e-curiosidades post_format-post-format-image\" data-id=\"7244\">\r\n\t\t<div class=\"w-grid-item-h\">\r\n\t\t\t\t\t\t<div class=\"w-post-elm post_image usg_post_image_1 stretched\"><a href=\"https:\/\/apan.pt\/mediasmart\/demais-dicas-os-pais-conseguirem-ter-um-relacionamento-saudavel-seus-smartphones\/\" aria-label=\"Quando \u00e9 demais? &#8211; Dicas para os pais conseguirem ter um relacionamento mais saud\u00e1vel com seus smartphones.\"><img width=\"718\" height=\"400\" src=\"https:\/\/apan.pt\/mediasmart\/wp-content\/uploads\/2018\/10\/5manipulation-smartphone-2507499_1920.jpg\" class=\"attachment-large size-large wp-post-image\" alt=\"\" decoding=\"async\" loading=\"lazy\" srcset=\"https:\/\/apan.pt\/mediasmart\/wp-content\/uploads\/2018\/10\/5manipulation-smartphone-2507499_1920.jpg 718w, https:\/\/apan.pt\/mediasmart\/wp-content\/uploads\/2018\/10\/5manipulation-smartphone-2507499_1920-300x167.jpg 300w, https:\/\/apan.pt\/mediasmart\/wp-content\/uploads\/2018\/10\/5manipulation-smartphone-2507499_1920-600x334.jpg 600w\" sizes=\"(max-width: 718px) 100vw, 718px\" \/><\/a><\/div><div class=\"w-vwrapper usg_vwrapper_1 has_text_color align_none valign_top\"><div class=\"w-hwrapper usg_hwrapper_1 align_none valign_top\"><div class=\"w-post-elm post_taxonomy usg_post_taxonomy_1 style_simple\"><a class=\"term-1 term-noticias-e-curiosidades\" href=\"https:\/\/apan.pt\/mediasmart\/category\/noticias-e-curiosidades\/\">Not\u00edcias e Curiosidades<\/a><\/div><time class=\"w-post-elm post_date usg_post_date_1 has_text_color entry-date published\" datetime=\"2018-10-15T10:18:02+00:00\" title=\"15 Outubro 2018 \u00e0s 10:18:02 +00:00\">H\u00e1 8 anos<\/time><\/div><h2 class=\"w-post-elm post_title usg_post_title_1 has_text_color entry-title color_link_inherit\"><a href=\"https:\/\/apan.pt\/mediasmart\/demais-dicas-os-pais-conseguirem-ter-um-relacionamento-saudavel-seus-smartphones\/\">Quando \u00e9 demais? &#8211; Dicas para os pais conseguirem ter um relacionamento mais saud\u00e1vel com seus smartphones.<\/a><\/h2><\/div>\t\t<\/div>\r\n\t<\/article>\r\n\t<article class=\"w-grid-item post-7198 post type-post status-publish format-image has-post-thumbnail hentry category-noticias-e-curiosidades post_format-post-format-image\" data-id=\"7198\">\r\n\t\t<div class=\"w-grid-item-h\">\r\n\t\t\t\t\t\t<div class=\"w-post-elm post_image usg_post_image_1 stretched\"><a href=\"https:\/\/apan.pt\/mediasmart\/boas-dicas-para-ajudar-uma-crianca-a-configurar-um-perfil-online\/\" aria-label=\"Boas dicas para ajudar uma crian\u00e7a a configurar um perfil online.\"><img width=\"896\" height=\"504\" src=\"https:\/\/apan.pt\/mediasmart\/wp-content\/uploads\/2017\/09\/Foto-Blog-1.jpg\" class=\"attachment-large size-large wp-post-image\" alt=\"\" decoding=\"async\" loading=\"lazy\" srcset=\"https:\/\/apan.pt\/mediasmart\/wp-content\/uploads\/2017\/09\/Foto-Blog-1.jpg 896w, https:\/\/apan.pt\/mediasmart\/wp-content\/uploads\/2017\/09\/Foto-Blog-1-300x169.jpg 300w, https:\/\/apan.pt\/mediasmart\/wp-content\/uploads\/2017\/09\/Foto-Blog-1-768x432.jpg 768w, https:\/\/apan.pt\/mediasmart\/wp-content\/uploads\/2017\/09\/Foto-Blog-1-600x338.jpg 600w\" sizes=\"(max-width: 896px) 100vw, 896px\" \/><\/a><\/div><div class=\"w-vwrapper usg_vwrapper_1 has_text_color align_none valign_top\"><div class=\"w-hwrapper usg_hwrapper_1 align_none valign_top\"><div class=\"w-post-elm post_taxonomy usg_post_taxonomy_1 style_simple\"><a class=\"term-1 term-noticias-e-curiosidades\" href=\"https:\/\/apan.pt\/mediasmart\/category\/noticias-e-curiosidades\/\">Not\u00edcias e Curiosidades<\/a><\/div><time class=\"w-post-elm post_date usg_post_date_1 has_text_color entry-date published\" datetime=\"2017-09-13T16:08:56+00:00\" title=\"13 Setembro 2017 \u00e0s 16:08:56 +00:00\">H\u00e1 9 anos<\/time><\/div><h2 class=\"w-post-elm post_title usg_post_title_1 has_text_color entry-title color_link_inherit\"><a href=\"https:\/\/apan.pt\/mediasmart\/boas-dicas-para-ajudar-uma-crianca-a-configurar-um-perfil-online\/\">Boas dicas para ajudar uma crian\u00e7a a configurar um perfil online.<\/a><\/h2><\/div>\t\t<\/div>\r\n\t<\/article>\r\n\t<article class=\"w-grid-item post-7187 post type-post status-publish format-image has-post-thumbnail hentry category-noticias-e-curiosidades post_format-post-format-image\" data-id=\"7187\">\r\n\t\t<div class=\"w-grid-item-h\">\r\n\t\t\t\t\t\t<div class=\"w-post-elm post_image usg_post_image_1 stretched\"><a href=\"https:\/\/apan.pt\/mediasmart\/5-dicas-sobre-redes-sociais-para-pais-e-professores\/\" aria-label=\"5 dicas sobre redes sociais para Pais e Professores\"><img width=\"755\" height=\"311\" src=\"https:\/\/apan.pt\/mediasmart\/wp-content\/uploads\/2017\/08\/media-smart-redes-sociais-pais-professores.png\" class=\"attachment-large size-large wp-post-image\" alt=\"\" decoding=\"async\" loading=\"lazy\" srcset=\"https:\/\/apan.pt\/mediasmart\/wp-content\/uploads\/2017\/08\/media-smart-redes-sociais-pais-professores.png 755w, https:\/\/apan.pt\/mediasmart\/wp-content\/uploads\/2017\/08\/media-smart-redes-sociais-pais-professores-300x124.png 300w, https:\/\/apan.pt\/mediasmart\/wp-content\/uploads\/2017\/08\/media-smart-redes-sociais-pais-professores-600x247.png 600w\" sizes=\"(max-width: 755px) 100vw, 755px\" \/><\/a><\/div><div class=\"w-vwrapper usg_vwrapper_1 has_text_color align_none valign_top\"><div class=\"w-hwrapper usg_hwrapper_1 align_none valign_top\"><div class=\"w-post-elm post_taxonomy usg_post_taxonomy_1 style_simple\"><a class=\"term-1 term-noticias-e-curiosidades\" href=\"https:\/\/apan.pt\/mediasmart\/category\/noticias-e-curiosidades\/\">Not\u00edcias e Curiosidades<\/a><\/div><time class=\"w-post-elm post_date usg_post_date_1 has_text_color entry-date published\" datetime=\"2017-08-29T14:40:29+00:00\" title=\"29 Agosto 2017 \u00e0s 14:40:29 +00:00\">H\u00e1 9 anos<\/time><\/div><h2 class=\"w-post-elm post_title usg_post_title_1 has_text_color entry-title color_link_inherit\"><a href=\"https:\/\/apan.pt\/mediasmart\/5-dicas-sobre-redes-sociais-para-pais-e-professores\/\">5 dicas sobre redes sociais para Pais e Professores<\/a><\/h2><\/div>\t\t<\/div>\r\n\t<\/article>\r\n\t<article class=\"w-grid-item post-7178 post type-post status-publish format-image has-post-thumbnail hentry category-noticias-e-curiosidades post_format-post-format-image\" data-id=\"7178\">\r\n\t\t<div class=\"w-grid-item-h\">\r\n\t\t\t\t\t\t<div class=\"w-post-elm post_image usg_post_image_1 stretched\"><a href=\"https:\/\/apan.pt\/mediasmart\/ensinar-as-nossas-criancas-literacia-mediatica\/\" aria-label=\"Como ensinar \u00e0s nossas crian\u00e7as Literacia Medi\u00e1tica?\"><img width=\"755\" height=\"311\" src=\"https:\/\/apan.pt\/mediasmart\/wp-content\/uploads\/2017\/08\/media-smart-criancas-literacia-mediatica.jpg\" class=\"attachment-large size-large wp-post-image\" alt=\"\" decoding=\"async\" loading=\"lazy\" srcset=\"https:\/\/apan.pt\/mediasmart\/wp-content\/uploads\/2017\/08\/media-smart-criancas-literacia-mediatica.jpg 755w, https:\/\/apan.pt\/mediasmart\/wp-content\/uploads\/2017\/08\/media-smart-criancas-literacia-mediatica-300x124.jpg 300w, https:\/\/apan.pt\/mediasmart\/wp-content\/uploads\/2017\/08\/media-smart-criancas-literacia-mediatica-600x247.jpg 600w\" sizes=\"(max-width: 755px) 100vw, 755px\" \/><\/a><\/div><div class=\"w-vwrapper usg_vwrapper_1 has_text_color align_none valign_top\"><div class=\"w-hwrapper usg_hwrapper_1 align_none valign_top\"><div class=\"w-post-elm post_taxonomy usg_post_taxonomy_1 style_simple\"><a class=\"term-1 term-noticias-e-curiosidades\" href=\"https:\/\/apan.pt\/mediasmart\/category\/noticias-e-curiosidades\/\">Not\u00edcias e Curiosidades<\/a><\/div><time class=\"w-post-elm post_date usg_post_date_1 has_text_color entry-date published\" datetime=\"2017-08-04T09:30:43+00:00\" title=\"4 Agosto 2017 \u00e0s 09:30:43 +00:00\">H\u00e1 9 anos<\/time><\/div><h2 class=\"w-post-elm post_title usg_post_title_1 has_text_color entry-title color_link_inherit\"><a href=\"https:\/\/apan.pt\/mediasmart\/ensinar-as-nossas-criancas-literacia-mediatica\/\">Como ensinar \u00e0s nossas crian\u00e7as Literacia Medi\u00e1tica?<\/a><\/h2><\/div>\t\t<\/div>\r\n\t<\/article>\r\n\t<article class=\"w-grid-item post-7158 post type-post status-publish format-standard has-post-thumbnail hentry category-noticias-e-curiosidades\" data-id=\"7158\">\r\n\t\t<div class=\"w-grid-item-h\">\r\n\t\t\t\t\t\t<div class=\"w-post-elm post_image usg_post_image_1 stretched\"><a href=\"https:\/\/apan.pt\/mediasmart\/adolescentes-instagram\/\" aria-label=\"Porque \u00e9 que os adolescentes gostam tanto do Instagram?\"><img width=\"755\" height=\"311\" src=\"https:\/\/apan.pt\/mediasmart\/wp-content\/uploads\/2017\/07\/media-smart-adolescentes-instagram.png\" class=\"attachment-large size-large wp-post-image\" alt=\"\" decoding=\"async\" loading=\"lazy\" srcset=\"https:\/\/apan.pt\/mediasmart\/wp-content\/uploads\/2017\/07\/media-smart-adolescentes-instagram.png 755w, https:\/\/apan.pt\/mediasmart\/wp-content\/uploads\/2017\/07\/media-smart-adolescentes-instagram-300x124.png 300w, https:\/\/apan.pt\/mediasmart\/wp-content\/uploads\/2017\/07\/media-smart-adolescentes-instagram-600x247.png 600w\" sizes=\"(max-width: 755px) 100vw, 755px\" \/><\/a><\/div><div class=\"w-vwrapper usg_vwrapper_1 has_text_color align_none valign_top\"><div class=\"w-hwrapper usg_hwrapper_1 align_none valign_top\"><div class=\"w-post-elm post_taxonomy usg_post_taxonomy_1 style_simple\"><a class=\"term-1 term-noticias-e-curiosidades\" href=\"https:\/\/apan.pt\/mediasmart\/category\/noticias-e-curiosidades\/\">Not\u00edcias e Curiosidades<\/a><\/div><time class=\"w-post-elm post_date usg_post_date_1 has_text_color entry-date published\" datetime=\"2017-07-10T12:50:59+00:00\" title=\"10 Julho 2017 \u00e0s 12:50:59 +00:00\">H\u00e1 9 anos<\/time><\/div><h2 class=\"w-post-elm post_title usg_post_title_1 has_text_color entry-title color_link_inherit\"><a href=\"https:\/\/apan.pt\/mediasmart\/adolescentes-instagram\/\">Porque \u00e9 que os adolescentes gostam tanto do Instagram?<\/a><\/h2><\/div>\t\t<\/div>\r\n\t<\/article>\r\n\t<article class=\"w-grid-item post-7132 post type-post status-publish format-standard has-post-thumbnail hentry category-concursos-e-passatempos\" data-id=\"7132\">\r\n\t\t<div class=\"w-grid-item-h\">\r\n\t\t\t\t\t\t<div class=\"w-post-elm post_image usg_post_image_1 stretched\"><a href=\"https:\/\/apan.pt\/mediasmart\/passatempo-dia-da-crianca\/\" aria-label=\"Passatempo Dia da Crian\u00e7a\"><img width=\"755\" height=\"311\" src=\"https:\/\/apan.pt\/mediasmart\/wp-content\/uploads\/2017\/05\/passatempo_dia_crianca_mediasmart.png\" class=\"attachment-large size-large wp-post-image\" alt=\"At\u00e9 dia 5 de Junho de 2017, no Facebook da Media Smart, todos os professores, pais e educadores v\u00e3o ter a oportunidade de participar no passatempo \u201cDia da Crian\u00e7a\u201d.\" decoding=\"async\" loading=\"lazy\" srcset=\"https:\/\/apan.pt\/mediasmart\/wp-content\/uploads\/2017\/05\/passatempo_dia_crianca_mediasmart.png 755w, https:\/\/apan.pt\/mediasmart\/wp-content\/uploads\/2017\/05\/passatempo_dia_crianca_mediasmart-300x124.png 300w, https:\/\/apan.pt\/mediasmart\/wp-content\/uploads\/2017\/05\/passatempo_dia_crianca_mediasmart-600x247.png 600w\" sizes=\"(max-width: 755px) 100vw, 755px\" \/><\/a><\/div><div class=\"w-vwrapper usg_vwrapper_1 has_text_color align_none valign_top\"><div class=\"w-hwrapper usg_hwrapper_1 align_none valign_top\"><div class=\"w-post-elm post_taxonomy usg_post_taxonomy_1 style_simple\"><a class=\"term-57 term-concursos-e-passatempos\" href=\"https:\/\/apan.pt\/mediasmart\/category\/concursos-e-passatempos\/\">Concursos e Passatempos<\/a><\/div><time class=\"w-post-elm post_date usg_post_date_1 has_text_color entry-date published\" datetime=\"2017-05-18T17:07:18+00:00\" title=\"18 Maio 2017 \u00e0s 17:07:18 +00:00\">H\u00e1 9 anos<\/time><\/div><h2 class=\"w-post-elm post_title usg_post_title_1 has_text_color entry-title color_link_inherit\"><a href=\"https:\/\/apan.pt\/mediasmart\/passatempo-dia-da-crianca\/\">Passatempo Dia da Crian\u00e7a<\/a><\/h2><\/div>\t\t<\/div>\r\n\t<\/article>\r\n\t<article class=\"w-grid-item post-7127 post type-post status-publish format-standard has-post-thumbnail hentry category-seminario tag-criancas tag-media tag-publicidade tag-seminario\" data-id=\"7127\">\r\n\t\t<div class=\"w-grid-item-h\">\r\n\t\t\t\t\t\t<div class=\"w-post-elm post_image usg_post_image_1 stretched\"><a href=\"https:\/\/apan.pt\/mediasmart\/media-smart-ajuda-pais-professores-explicarem-publicidade-as-criancas\/\" aria-label=\"Media Smart ajuda pais e professores a explicarem publicidade \u00e0s crian\u00e7as\"><img width=\"1024\" height=\"311\" src=\"https:\/\/apan.pt\/mediasmart\/wp-content\/uploads\/2017\/05\/seminario-os-media-1024x311.png\" class=\"attachment-large size-large wp-post-image\" alt=\"\" decoding=\"async\" loading=\"lazy\" srcset=\"https:\/\/apan.pt\/mediasmart\/wp-content\/uploads\/2017\/05\/seminario-os-media-1024x311.png 1024w, https:\/\/apan.pt\/mediasmart\/wp-content\/uploads\/2017\/05\/seminario-os-media-300x91.png 300w, https:\/\/apan.pt\/mediasmart\/wp-content\/uploads\/2017\/05\/seminario-os-media-768x233.png 768w, https:\/\/apan.pt\/mediasmart\/wp-content\/uploads\/2017\/05\/seminario-os-media-600x182.png 600w, https:\/\/apan.pt\/mediasmart\/wp-content\/uploads\/2017\/05\/seminario-os-media.png 1227w\" sizes=\"(max-width: 1024px) 100vw, 1024px\" \/><\/a><\/div><div class=\"w-vwrapper usg_vwrapper_1 has_text_color align_none valign_top\"><div class=\"w-hwrapper usg_hwrapper_1 align_none valign_top\"><div class=\"w-post-elm post_taxonomy usg_post_taxonomy_1 style_simple\"><a class=\"term-63 term-seminario\" href=\"https:\/\/apan.pt\/mediasmart\/category\/seminario\/\">Semin\u00e1rio<\/a><\/div><time class=\"w-post-elm post_date usg_post_date_1 has_text_color entry-date published\" datetime=\"2017-05-11T01:22:52+00:00\" title=\"11 Maio 2017 \u00e0s 01:22:52 +00:00\">H\u00e1 9 anos<\/time><\/div><h2 class=\"w-post-elm post_title usg_post_title_1 has_text_color entry-title color_link_inherit\"><a href=\"https:\/\/apan.pt\/mediasmart\/media-smart-ajuda-pais-professores-explicarem-publicidade-as-criancas\/\">Media Smart ajuda pais e professores a explicarem publicidade \u00e0s crian\u00e7as<\/a><\/h2><\/div>\t\t<\/div>\r\n\t<\/article>\r\n<\/div><div class=\"w-grid-preloader\"><div class=\"g-preloader type_1\">\r\n\t<div><\/div>\r\n<\/div>\r\n<\/div>\t\t<nav class=\"pagination navigation\" role=\"navigation\">\r\n\t\t\t<div class=\"nav-links\">\r\n\t\t\t\t<span aria-current=\"page\" class=\"page-numbers current\"><span>1<\/span><\/span>\n<a class=\"page-numbers\" href=\"https:\/\/apan.pt\/mediasmart\/wp-json\/wp\/v2\/pages\/125\/page\/2\/\"><span>2<\/span><\/a>\n<a class=\"next page-numbers\" href=\"https:\/\/apan.pt\/mediasmart\/wp-json\/wp\/v2\/pages\/125\/page\/2\/\"><span>Seguinte<\/span><\/a>\t\t\t<\/div>\r\n\t\t<\/nav>\r\n\t\t\t<div class=\"w-grid-json hidden\" onclick='return {&quot;action&quot;:&quot;us_ajax_grid&quot;,&quot;ajax_url&quot;:&quot;https:\\\/\\\/apan.pt\\\/mediasmart\\\/wp-admin\\\/admin-ajax.php&quot;,&quot;infinite_scroll&quot;:0,&quot;max_num_pages&quot;:2,&quot;pagination&quot;:&quot;regular&quot;,&quot;permalink_url&quot;:&quot;https:\\\/\\\/apan.pt\\\/mediasmart\\\/wp-json\\\/wp\\\/v2\\\/pages\\\/125&quot;,&quot;template_vars&quot;:{&quot;columns&quot;:&quot;3&quot;,&quot;exclude_items&quot;:&quot;none&quot;,&quot;img_size&quot;:&quot;default&quot;,&quot;ignore_items_size&quot;:0,&quot;items_layout&quot;:&quot;blog_6&quot;,&quot;items_offset&quot;:&quot;1&quot;,&quot;load_animation&quot;:&quot;none&quot;,&quot;overriding_link&quot;:&quot;none&quot;,&quot;post_id&quot;:125,&quot;query_args&quot;:{&quot;post_type&quot;:[&quot;post&quot;],&quot;post_status&quot;:[&quot;publish&quot;],&quot;posts_per_page&quot;:&quot;9&quot;},&quot;orderby_query_args&quot;:{&quot;orderby&quot;:{&quot;date&quot;:&quot;DESC&quot;}},&quot;type&quot;:&quot;grid&quot;,&quot;us_grid_ajax_index&quot;:1,&quot;us_grid_filter_params&quot;:null,&quot;us_grid_index&quot;:1,&quot;_us_grid_post_type&quot;:&quot;post&quot;}}'><\/div>\r\n\t<\/div><\/div><\/div><\/div><\/div><\/div><\/section>\n","protected":false},"excerpt":{"rendered":"De que modo podem os pais, professores e educadores explicar \u00e0s crian\u00e7as e aos adolescentes que os corpos e as imagens que aparecem nos an\u00fancios publicit\u00e1rios das marcas n\u00e3o devem ser encarados como ideais, conferindo-lhes capacidade de interpreta\u00e7\u00e3o dos objetivos daquelas mensagens comerciais? As respostas surgem j\u00e1 no pr\u00f3ximo dia 25 de maio, no semin\u00e1rio...","protected":false},"author":1,"featured_media":0,"parent":0,"menu_order":0,"comment_status":"closed","ping_status":"closed","template":"","meta":{"_monsterinsights_skip_tracking":false,"_monsterinsights_sitenote_active":false,"_monsterinsights_sitenote_note":"","_monsterinsights_sitenote_category":0},"_links":{"self":[{"href":"https:\/\/apan.pt\/mediasmart\/wp-json\/wp\/v2\/pages\/125"}],"collection":[{"href":"https:\/\/apan.pt\/mediasmart\/wp-json\/wp\/v2\/pages"}],"about":[{"href":"https:\/\/apan.pt\/mediasmart\/wp-json\/wp\/v2\/types\/page"}],"author":[{"embeddable":true,"href":"https:\/\/apan.pt\/mediasmart\/wp-json\/wp\/v2\/users\/1"}],"replies":[{"embeddable":true,"href":"https:\/\/apan.pt\/mediasmart\/wp-json\/wp\/v2\/comments?post=125"}],"version-history":[{"count":5,"href":"https:\/\/apan.pt\/mediasmart\/wp-json\/wp\/v2\/pages\/125\/revisions"}],"predecessor-version":[{"id":7384,"href":"https:\/\/apan.pt\/mediasmart\/wp-json\/wp\/v2\/pages\/125\/revisions\/7384"}],"wp:attachment":[{"href":"https:\/\/apan.pt\/mediasmart\/wp-json\/wp\/v2\/media?parent=125"}],"curies":[{"name":"wp","href":"https:\/\/api.w.org\/{rel}","templated":true}]}}